{"id":46,"date":"2015-11-01T23:13:56","date_gmt":"2015-11-01T22:13:56","guid":{"rendered":"http:\/\/www.holz-stein-manufaktur.de\/?page_id=46"},"modified":"2024-08-26T18:26:28","modified_gmt":"2024-08-26T16:26:28","slug":"mosaik-projekte","status":"publish","type":"page","link":"https:\/\/www.holz-stein-manufaktur.de\/index.php\/mosaik-projekte\/","title":{"rendered":"Mosaik-Projekte"},"content":{"rendered":"\n<h2 class=\"wp-block-heading\"><strong>Wohn- und Gartenr\u00e4ume gestalten<\/strong><\/h2>\n\n\n\n<p>Jeder Vogel baut ein kunstvolles Nest, da muss alles stimmen! Dieser Trieb&nbsp;steckt auch im Menschen. Wir versp\u00fcren einen Drang, unser Umfeld individuell zu gestalten. Mosaikkunst bietet dazu viele M\u00f6glichkeiten. Ich suche stets nach neuen M\u00f6glichkeiten, die Welt in der wir leben, in Mosaikgestaltung zu projizieren \u2013 und ich erstelle Auftragsarbeiten, die speziell auf pers\u00f6nliche W\u00fcnsche und r\u00e4umliche Situationen hin konzipiert werden. <\/p>\n\n\n\n<p>Lassen Sie sich von den Beispielen inspirieren (Gro\u00df-Ansicht \u00f6ffnet bei Klick auf die Bilder). Sprechen Sie mich gerne an!  <\/p>\n\n\n\n<h3 class=\"wp-block-heading\">Element Feuer<\/h3>\n\n\n\n<p>Entdecke deine innere Flamme und entfache Leidenschaft und Transformation. Die schwere Entscheidung und die richtige Entscheidung sind h\u00e4ufig dasselbe. Trau dich durch das Feuer, um zu sehen was auf der anderen Seite auf dich wartet.<strong> Eigene Mosaikausstellung<\/strong> mit Besuch von der Bundestagsabgeordneten M\u00fcller-Gemmeke \u2013 <a href=\"https:\/\/www.muensingen.de\/kultspace\" target=\"_blank\" rel=\"noreferrer noopener\">KULTSPACE M\u00fcnsingen<\/a>, Juni 2024<\/p>\n\n\n\n<figure class=\"wp-block-gallery has-nested-images columns-2 is-cropped wp-block-gallery-1 is-layout-flex wp-block-gallery-is-layout-flex\">\n<figure class=\"wp-block-image size-large\"><a href=\"https:\/\/www.holz-stein-manufaktur.de\/wordpress\/wp-content\/uploads\/2024\/08\/Ausstellung-Workshops-1-1.png\"><img loading=\"lazy\" decoding=\"async\" width=\"1024\" height=\"1024\" data-id=\"668\" src=\"https:\/\/www.holz-stein-manufaktur.de\/wordpress\/wp-content\/uploads\/2024\/08\/Ausstellung-Workshops-1-1-1024x1024.png\" alt=\"\" class=\"wp-image-668\" srcset=\"https:\/\/www.holz-stein-manufaktur.de\/wordpress\/wp-content\/uploads\/2024\/08\/Ausstellung-Workshops-1-1-1024x1024.png 1024w, https:\/\/www.holz-stein-manufaktur.de\/wordpress\/wp-content\/uploads\/2024\/08\/Ausstellung-Workshops-1-1-300x300.png 300w, https:\/\/www.holz-stein-manufaktur.de\/wordpress\/wp-content\/uploads\/2024\/08\/Ausstellung-Workshops-1-1-150x150.png 150w, https:\/\/www.holz-stein-manufaktur.de\/wordpress\/wp-content\/uploads\/2024\/08\/Ausstellung-Workshops-1-1-768x768.png 768w, https:\/\/www.holz-stein-manufaktur.de\/wordpress\/wp-content\/uploads\/2024\/08\/Ausstellung-Workshops-1-1.png 1080w\" sizes=\"(max-width: 1024px) 100vw, 1024px\" \/><\/a><\/figure>\n\n\n\n<figure class=\"wp-block-image size-large\"><a href=\"https:\/\/www.holz-stein-manufaktur.de\/wordpress\/wp-content\/uploads\/2024\/08\/IMG_20240721_115045-scaled.jpg\"><img loading=\"lazy\" decoding=\"async\" width=\"768\" height=\"1024\" data-id=\"656\" src=\"https:\/\/www.holz-stein-manufaktur.de\/wordpress\/wp-content\/uploads\/2024\/08\/IMG_20240721_115045-768x1024.jpg\" alt=\"\" class=\"wp-image-656\" srcset=\"https:\/\/www.holz-stein-manufaktur.de\/wordpress\/wp-content\/uploads\/2024\/08\/IMG_20240721_115045-768x1024.jpg 768w, https:\/\/www.holz-stein-manufaktur.de\/wordpress\/wp-content\/uploads\/2024\/08\/IMG_20240721_115045-225x300.jpg 225w, https:\/\/www.holz-stein-manufaktur.de\/wordpress\/wp-content\/uploads\/2024\/08\/IMG_20240721_115045-1152x1536.jpg 1152w, https:\/\/www.holz-stein-manufaktur.de\/wordpress\/wp-content\/uploads\/2024\/08\/IMG_20240721_115045-1536x2048.jpg 1536w, https:\/\/www.holz-stein-manufaktur.de\/wordpress\/wp-content\/uploads\/2024\/08\/IMG_20240721_115045-scaled.jpg 1920w\" sizes=\"(max-width: 768px) 100vw, 768px\" \/><\/a><\/figure>\n\n\n\n<figure class=\"wp-block-image size-large\"><a href=\"https:\/\/www.holz-stein-manufaktur.de\/wordpress\/wp-content\/uploads\/2024\/08\/Creme-Weiss-Einfach-Elegant-Rahmen-Kalligraphie-Spruch-Instagram-Story.png\"><img loading=\"lazy\" decoding=\"async\" width=\"576\" height=\"1024\" data-id=\"659\" src=\"https:\/\/www.holz-stein-manufaktur.de\/wordpress\/wp-content\/uploads\/2024\/08\/Creme-Weiss-Einfach-Elegant-Rahmen-Kalligraphie-Spruch-Instagram-Story-576x1024.png\" alt=\"\" class=\"wp-image-659\" srcset=\"https:\/\/www.holz-stein-manufaktur.de\/wordpress\/wp-content\/uploads\/2024\/08\/Creme-Weiss-Einfach-Elegant-Rahmen-Kalligraphie-Spruch-Instagram-Story-576x1024.png 576w, https:\/\/www.holz-stein-manufaktur.de\/wordpress\/wp-content\/uploads\/2024\/08\/Creme-Weiss-Einfach-Elegant-Rahmen-Kalligraphie-Spruch-Instagram-Story-169x300.png 169w, https:\/\/www.holz-stein-manufaktur.de\/wordpress\/wp-content\/uploads\/2024\/08\/Creme-Weiss-Einfach-Elegant-Rahmen-Kalligraphie-Spruch-Instagram-Story-768x1365.png 768w, https:\/\/www.holz-stein-manufaktur.de\/wordpress\/wp-content\/uploads\/2024\/08\/Creme-Weiss-Einfach-Elegant-Rahmen-Kalligraphie-Spruch-Instagram-Story-864x1536.png 864w, https:\/\/www.holz-stein-manufaktur.de\/wordpress\/wp-content\/uploads\/2024\/08\/Creme-Weiss-Einfach-Elegant-Rahmen-Kalligraphie-Spruch-Instagram-Story.png 1080w\" sizes=\"(max-width: 576px) 100vw, 576px\" \/><\/a><\/figure>\n\n\n\n<figure class=\"wp-block-image size-large\"><a href=\"https:\/\/www.holz-stein-manufaktur.de\/wordpress\/wp-content\/uploads\/2024\/08\/das.png\"><img loading=\"lazy\" decoding=\"async\" width=\"576\" height=\"1024\" data-id=\"661\" src=\"https:\/\/www.holz-stein-manufaktur.de\/wordpress\/wp-content\/uploads\/2024\/08\/das-576x1024.png\" alt=\"\" class=\"wp-image-661\" srcset=\"https:\/\/www.holz-stein-manufaktur.de\/wordpress\/wp-content\/uploads\/2024\/08\/das-576x1024.png 576w, https:\/\/www.holz-stein-manufaktur.de\/wordpress\/wp-content\/uploads\/2024\/08\/das-169x300.png 169w, https:\/\/www.holz-stein-manufaktur.de\/wordpress\/wp-content\/uploads\/2024\/08\/das-768x1365.png 768w, https:\/\/www.holz-stein-manufaktur.de\/wordpress\/wp-content\/uploads\/2024\/08\/das-864x1536.png 864w, https:\/\/www.holz-stein-manufaktur.de\/wordpress\/wp-content\/uploads\/2024\/08\/das.png 1080w\" sizes=\"(max-width: 576px) 100vw, 576px\" \/><\/a><\/figure>\n\n\n\n<figure class=\"wp-block-image size-large is-style-default\"><a href=\"https:\/\/www.holz-stein-manufaktur.de\/wordpress\/wp-content\/uploads\/2024\/08\/f.png\"><img loading=\"lazy\" decoding=\"async\" width=\"576\" height=\"1024\" data-id=\"664\" src=\"https:\/\/www.holz-stein-manufaktur.de\/wordpress\/wp-content\/uploads\/2024\/08\/f-576x1024.png\" alt=\"\" class=\"wp-image-664\" srcset=\"https:\/\/www.holz-stein-manufaktur.de\/wordpress\/wp-content\/uploads\/2024\/08\/f-576x1024.png 576w, https:\/\/www.holz-stein-manufaktur.de\/wordpress\/wp-content\/uploads\/2024\/08\/f-169x300.png 169w, https:\/\/www.holz-stein-manufaktur.de\/wordpress\/wp-content\/uploads\/2024\/08\/f-768x1365.png 768w, https:\/\/www.holz-stein-manufaktur.de\/wordpress\/wp-content\/uploads\/2024\/08\/f-864x1536.png 864w, https:\/\/www.holz-stein-manufaktur.de\/wordpress\/wp-content\/uploads\/2024\/08\/f.png 1080w\" sizes=\"(max-width: 576px) 100vw, 576px\" \/><\/a><\/figure>\n<\/figure>\n\n\n\n<p><\/p>\n\n\n\n<h3 class=\"wp-block-heading\">Knoten des Lebens<\/h3>\n\n\n\n<p>Die L\u00f6sung liegt in uns selbst \u2013 Verstand, Kreativit\u00e4t und Bewusstsein bestimmen den Weg. Ausgestellt im Rahmen der<strong> internationalen Mosaikausstellung<\/strong> \u2013 <a href=\"https:\/\/www.domo-ev.de\/exhibitions\/2023\/internationale-mosaikausstellung-aldersbach\" target=\"_blank\" rel=\"noreferrer noopener\">Kunstpfad Kloster Aldersbach<\/a> (bei Passau), noch bis zum 4. November 2023<\/p>\n\n\n\n<figure class=\"wp-block-gallery has-nested-images columns-2 is-cropped wp-block-gallery-2 is-layout-flex wp-block-gallery-is-layout-flex\">\n<figure class=\"wp-block-image size-large\"><a href=\"https:\/\/www.holz-stein-manufaktur.de\/wordpress\/wp-content\/uploads\/2023\/07\/knoten03.jpg\"><img loading=\"lazy\" decoding=\"async\" width=\"467\" height=\"1024\" data-id=\"581\" src=\"https:\/\/www.holz-stein-manufaktur.de\/wordpress\/wp-content\/uploads\/2023\/07\/knoten03-467x1024.jpg\" alt=\"\" class=\"wp-image-581\" srcset=\"https:\/\/www.holz-stein-manufaktur.de\/wordpress\/wp-content\/uploads\/2023\/07\/knoten03-467x1024.jpg 467w, https:\/\/www.holz-stein-manufaktur.de\/wordpress\/wp-content\/uploads\/2023\/07\/knoten03-137x300.jpg 137w, https:\/\/www.holz-stein-manufaktur.de\/wordpress\/wp-content\/uploads\/2023\/07\/knoten03-768x1682.jpg 768w, https:\/\/www.holz-stein-manufaktur.de\/wordpress\/wp-content\/uploads\/2023\/07\/knoten03-701x1536.jpg 701w, https:\/\/www.holz-stein-manufaktur.de\/wordpress\/wp-content\/uploads\/2023\/07\/knoten03.jpg 866w\" sizes=\"(max-width: 467px) 100vw, 467px\" \/><\/a><figcaption class=\"wp-element-caption\">Knoten des Lebens<\/figcaption><\/figure>\n\n\n\n<figure class=\"wp-block-image size-large\"><a href=\"https:\/\/www.holz-stein-manufaktur.de\/wordpress\/wp-content\/uploads\/2023\/07\/konten01.png\"><img loading=\"lazy\" decoding=\"async\" width=\"565\" height=\"1024\" data-id=\"569\" src=\"https:\/\/www.holz-stein-manufaktur.de\/wordpress\/wp-content\/uploads\/2023\/07\/konten01-565x1024.png\" alt=\"\" class=\"wp-image-569\" srcset=\"https:\/\/www.holz-stein-manufaktur.de\/wordpress\/wp-content\/uploads\/2023\/07\/konten01-565x1024.png 565w, https:\/\/www.holz-stein-manufaktur.de\/wordpress\/wp-content\/uploads\/2023\/07\/konten01-165x300.png 165w, https:\/\/www.holz-stein-manufaktur.de\/wordpress\/wp-content\/uploads\/2023\/07\/konten01-768x1392.png 768w, https:\/\/www.holz-stein-manufaktur.de\/wordpress\/wp-content\/uploads\/2023\/07\/konten01-847x1536.png 847w, https:\/\/www.holz-stein-manufaktur.de\/wordpress\/wp-content\/uploads\/2023\/07\/konten01.png 1052w\" sizes=\"(max-width: 565px) 100vw, 565px\" \/><\/a><\/figure>\n\n\n\n<figure class=\"wp-block-image size-large\"><a href=\"https:\/\/www.holz-stein-manufaktur.de\/wordpress\/wp-content\/uploads\/2021\/04\/2103_ph_portrait-1.png\"><img loading=\"lazy\" decoding=\"async\" width=\"683\" height=\"1024\" data-id=\"533\" src=\"https:\/\/www.holz-stein-manufaktur.de\/wordpress\/wp-content\/uploads\/2021\/04\/2103_ph_portrait-1-683x1024.png\" alt=\"\" class=\"wp-image-533\" srcset=\"https:\/\/www.holz-stein-manufaktur.de\/wordpress\/wp-content\/uploads\/2021\/04\/2103_ph_portrait-1-683x1024.png 683w, https:\/\/www.holz-stein-manufaktur.de\/wordpress\/wp-content\/uploads\/2021\/04\/2103_ph_portrait-1-200x300.png 200w, https:\/\/www.holz-stein-manufaktur.de\/wordpress\/wp-content\/uploads\/2021\/04\/2103_ph_portrait-1-768x1152.png 768w, https:\/\/www.holz-stein-manufaktur.de\/wordpress\/wp-content\/uploads\/2021\/04\/2103_ph_portrait-1.png 800w\" sizes=\"(max-width: 683px) 100vw, 683px\" \/><\/a><\/figure>\n\n\n\n<figure class=\"wp-block-image size-large\"><a href=\"https:\/\/www.holz-stein-manufaktur.de\/wordpress\/wp-content\/uploads\/2023\/07\/knoten02-scaled.jpg\"><img loading=\"lazy\" decoding=\"async\" width=\"768\" height=\"1024\" data-id=\"580\" src=\"https:\/\/www.holz-stein-manufaktur.de\/wordpress\/wp-content\/uploads\/2023\/07\/knoten02-768x1024.jpg\" alt=\"\" class=\"wp-image-580\" srcset=\"https:\/\/www.holz-stein-manufaktur.de\/wordpress\/wp-content\/uploads\/2023\/07\/knoten02-768x1024.jpg 768w, https:\/\/www.holz-stein-manufaktur.de\/wordpress\/wp-content\/uploads\/2023\/07\/knoten02-225x300.jpg 225w, https:\/\/www.holz-stein-manufaktur.de\/wordpress\/wp-content\/uploads\/2023\/07\/knoten02-1152x1536.jpg 1152w, https:\/\/www.holz-stein-manufaktur.de\/wordpress\/wp-content\/uploads\/2023\/07\/knoten02-1536x2048.jpg 1536w, https:\/\/www.holz-stein-manufaktur.de\/wordpress\/wp-content\/uploads\/2023\/07\/knoten02-scaled.jpg 1920w\" sizes=\"(max-width: 768px) 100vw, 768px\" \/><\/a><figcaption class=\"wp-element-caption\">Kunstpfad Kloster Aldersbach<\/figcaption><\/figure>\n<\/figure>\n\n\n\n<h3 class=\"wp-block-heading\">Mandala<\/h3>\n\n\n\n<p>Dieses Mandala wurde eigens f\u00fcr einen Meditationsraum kreiert und l\u00e4dt ein, &#8222;sich zu zentrieren&#8220;.<\/p>\n\n\n\n<figure class=\"wp-block-gallery has-nested-images columns-default is-cropped wp-block-gallery-3 is-layout-flex wp-block-gallery-is-layout-flex\">\n<figure class=\"wp-block-image size-large\"><a href=\"https:\/\/www.holz-stein-manufaktur.de\/wordpress\/wp-content\/uploads\/2023\/07\/mandala02.jpg\"><img loading=\"lazy\" decoding=\"async\" width=\"701\" height=\"1024\" data-id=\"590\" src=\"https:\/\/www.holz-stein-manufaktur.de\/wordpress\/wp-content\/uploads\/2023\/07\/mandala02.jpg\" alt=\"\" class=\"wp-image-590\" srcset=\"https:\/\/www.holz-stein-manufaktur.de\/wordpress\/wp-content\/uploads\/2023\/07\/mandala02.jpg 701w, https:\/\/www.holz-stein-manufaktur.de\/wordpress\/wp-content\/uploads\/2023\/07\/mandala02-205x300.jpg 205w\" sizes=\"(max-width: 701px) 100vw, 701px\" \/><\/a><\/figure>\n\n\n\n<figure class=\"wp-block-image size-large\"><a href=\"https:\/\/www.holz-stein-manufaktur.de\/wordpress\/wp-content\/uploads\/2021\/01\/21_03_meditation.jpg\"><img loading=\"lazy\" decoding=\"async\" width=\"701\" height=\"1024\" data-id=\"440\" src=\"https:\/\/www.holz-stein-manufaktur.de\/wordpress\/wp-content\/uploads\/2021\/01\/21_03_meditation-701x1024.jpg\" alt=\"\" class=\"wp-image-440\" srcset=\"https:\/\/www.holz-stein-manufaktur.de\/wordpress\/wp-content\/uploads\/2021\/01\/21_03_meditation-701x1024.jpg 701w, https:\/\/www.holz-stein-manufaktur.de\/wordpress\/wp-content\/uploads\/2021\/01\/21_03_meditation-205x300.jpg 205w, https:\/\/www.holz-stein-manufaktur.de\/wordpress\/wp-content\/uploads\/2021\/01\/21_03_meditation-768x1123.jpg 768w, https:\/\/www.holz-stein-manufaktur.de\/wordpress\/wp-content\/uploads\/2021\/01\/21_03_meditation.jpg 1018w\" sizes=\"(max-width: 701px) 100vw, 701px\" \/><\/a><figcaption class=\"wp-element-caption\">Meditatiionsraum<\/figcaption><\/figure>\n\n\n\n<figure class=\"wp-block-image size-large\"><a href=\"https:\/\/www.holz-stein-manufaktur.de\/wordpress\/wp-content\/uploads\/2021\/04\/2103_ph_landscape-2.png\"><img loading=\"lazy\" decoding=\"async\" width=\"1024\" height=\"671\" data-id=\"540\" src=\"https:\/\/www.holz-stein-manufaktur.de\/wordpress\/wp-content\/uploads\/2021\/04\/2103_ph_landscape-2-1024x671.png\" alt=\"\" class=\"wp-image-540\" srcset=\"https:\/\/www.holz-stein-manufaktur.de\/wordpress\/wp-content\/uploads\/2021\/04\/2103_ph_landscape-2-1024x671.png 1024w, https:\/\/www.holz-stein-manufaktur.de\/wordpress\/wp-content\/uploads\/2021\/04\/2103_ph_landscape-2-300x197.png 300w, https:\/\/www.holz-stein-manufaktur.de\/wordpress\/wp-content\/uploads\/2021\/04\/2103_ph_landscape-2-768x503.png 768w, https:\/\/www.holz-stein-manufaktur.de\/wordpress\/wp-content\/uploads\/2021\/04\/2103_ph_landscape-2.png 1200w\" sizes=\"(max-width: 1024px) 100vw, 1024px\" \/><\/a><\/figure>\n<\/figure>\n\n\n\n<h3 class=\"wp-block-heading\">Der tr\u00e4umende Delfin<\/h3>\n\n\n\n<p>Die perfekte Welle \u2013 lange genie\u00dfen.<\/p>\n\n\n\n<figure class=\"wp-block-gallery has-nested-images columns-default is-cropped wp-block-gallery-4 is-layout-flex wp-block-gallery-is-layout-flex\">\n<figure class=\"wp-block-image size-large\"><a href=\"https:\/\/www.holz-stein-manufaktur.de\/wordpress\/wp-content\/uploads\/2023\/07\/welle01_01-scaled.jpg\"><img loading=\"lazy\" decoding=\"async\" width=\"1024\" height=\"768\" data-id=\"591\" src=\"https:\/\/www.holz-stein-manufaktur.de\/wordpress\/wp-content\/uploads\/2023\/07\/welle01_01-1024x768.jpg\" alt=\"\" class=\"wp-image-591\" srcset=\"https:\/\/www.holz-stein-manufaktur.de\/wordpress\/wp-content\/uploads\/2023\/07\/welle01_01-1024x768.jpg 1024w, https:\/\/www.holz-stein-manufaktur.de\/wordpress\/wp-content\/uploads\/2023\/07\/welle01_01-300x225.jpg 300w, https:\/\/www.holz-stein-manufaktur.de\/wordpress\/wp-content\/uploads\/2023\/07\/welle01_01-768x576.jpg 768w, https:\/\/www.holz-stein-manufaktur.de\/wordpress\/wp-content\/uploads\/2023\/07\/welle01_01-1536x1152.jpg 1536w, https:\/\/www.holz-stein-manufaktur.de\/wordpress\/wp-content\/uploads\/2023\/07\/welle01_01-2048x1536.jpg 2048w\" sizes=\"(max-width: 1024px) 100vw, 1024px\" \/><\/a><figcaption class=\"wp-element-caption\">Die<\/figcaption><\/figure>\n\n\n\n<figure class=\"wp-block-image size-large\"><a href=\"https:\/\/www.holz-stein-manufaktur.de\/wordpress\/wp-content\/uploads\/2023\/07\/welle01_02-scaled.jpg\"><img loading=\"lazy\" decoding=\"async\" width=\"1024\" height=\"768\" data-id=\"592\" src=\"https:\/\/www.holz-stein-manufaktur.de\/wordpress\/wp-content\/uploads\/2023\/07\/welle01_02-1024x768.jpg\" alt=\"\" class=\"wp-image-592\" srcset=\"https:\/\/www.holz-stein-manufaktur.de\/wordpress\/wp-content\/uploads\/2023\/07\/welle01_02-1024x768.jpg 1024w, https:\/\/www.holz-stein-manufaktur.de\/wordpress\/wp-content\/uploads\/2023\/07\/welle01_02-300x225.jpg 300w, https:\/\/www.holz-stein-manufaktur.de\/wordpress\/wp-content\/uploads\/2023\/07\/welle01_02-768x576.jpg 768w, https:\/\/www.holz-stein-manufaktur.de\/wordpress\/wp-content\/uploads\/2023\/07\/welle01_02-1536x1152.jpg 1536w, https:\/\/www.holz-stein-manufaktur.de\/wordpress\/wp-content\/uploads\/2023\/07\/welle01_02-2048x1536.jpg 2048w\" sizes=\"(max-width: 1024px) 100vw, 1024px\" \/><\/a><figcaption class=\"wp-element-caption\">perfekte<\/figcaption><\/figure>\n\n\n\n<figure class=\"wp-block-image size-large\"><a href=\"https:\/\/www.holz-stein-manufaktur.de\/wordpress\/wp-content\/uploads\/2023\/07\/welle01_03-scaled.jpg\"><img loading=\"lazy\" decoding=\"async\" width=\"1024\" height=\"768\" data-id=\"593\" src=\"https:\/\/www.holz-stein-manufaktur.de\/wordpress\/wp-content\/uploads\/2023\/07\/welle01_03-1024x768.jpg\" alt=\"\" class=\"wp-image-593\" srcset=\"https:\/\/www.holz-stein-manufaktur.de\/wordpress\/wp-content\/uploads\/2023\/07\/welle01_03-1024x768.jpg 1024w, https:\/\/www.holz-stein-manufaktur.de\/wordpress\/wp-content\/uploads\/2023\/07\/welle01_03-300x225.jpg 300w, https:\/\/www.holz-stein-manufaktur.de\/wordpress\/wp-content\/uploads\/2023\/07\/welle01_03-768x576.jpg 768w, https:\/\/www.holz-stein-manufaktur.de\/wordpress\/wp-content\/uploads\/2023\/07\/welle01_03-1536x1152.jpg 1536w, https:\/\/www.holz-stein-manufaktur.de\/wordpress\/wp-content\/uploads\/2023\/07\/welle01_03-2048x1536.jpg 2048w\" sizes=\"(max-width: 1024px) 100vw, 1024px\" \/><\/a><figcaption class=\"wp-element-caption\">Welle<\/figcaption><\/figure>\n<\/figure>\n\n\n\n<h3 class=\"wp-block-heading\">Ordnung und Chaos<\/h3>\n\n\n\n<p>Gegens\u00e4tze l\u00f6sen sich ineinander auf. Yin und Yang erg\u00e4nzen sich und bilden einen Kreislauf, der Wandlung symbolisiert. Ausgestellt 2022 im Rahmen der<strong> Internationalen Mosaiktage <a href=\"https:\/\/www.domo-ev.de\/internationale-mosaiktage-bad-duerkheim\" target=\"_blank\" rel=\"noreferrer noopener\">Bad D\u00fcrkheim<\/a><\/strong>.<\/p>\n\n\n\n<figure class=\"wp-block-gallery has-nested-images columns-default is-cropped wp-block-gallery-5 is-layout-flex wp-block-gallery-is-layout-flex\">\n<figure class=\"wp-block-image size-large\"><a href=\"https:\/\/www.holz-stein-manufaktur.de\/wordpress\/wp-content\/uploads\/2023\/07\/ordnung_chaos_01-scaled.jpg\"><img loading=\"lazy\" decoding=\"async\" width=\"768\" height=\"1024\" data-id=\"596\" src=\"https:\/\/www.holz-stein-manufaktur.de\/wordpress\/wp-content\/uploads\/2023\/07\/ordnung_chaos_01-768x1024.jpg\" alt=\"\" class=\"wp-image-596\" srcset=\"https:\/\/www.holz-stein-manufaktur.de\/wordpress\/wp-content\/uploads\/2023\/07\/ordnung_chaos_01-768x1024.jpg 768w, https:\/\/www.holz-stein-manufaktur.de\/wordpress\/wp-content\/uploads\/2023\/07\/ordnung_chaos_01-225x300.jpg 225w, https:\/\/www.holz-stein-manufaktur.de\/wordpress\/wp-content\/uploads\/2023\/07\/ordnung_chaos_01-1152x1536.jpg 1152w, https:\/\/www.holz-stein-manufaktur.de\/wordpress\/wp-content\/uploads\/2023\/07\/ordnung_chaos_01-1536x2048.jpg 1536w, https:\/\/www.holz-stein-manufaktur.de\/wordpress\/wp-content\/uploads\/2023\/07\/ordnung_chaos_01-scaled.jpg 1920w\" sizes=\"(max-width: 768px) 100vw, 768px\" \/><\/a><figcaption class=\"wp-element-caption\">Ausstellung Bad D\u00fcrkheim<\/figcaption><\/figure>\n\n\n\n<figure class=\"wp-block-image size-large\"><a href=\"https:\/\/www.holz-stein-manufaktur.de\/wordpress\/wp-content\/uploads\/2023\/07\/ordnung_Chaos_03.jpg\"><img loading=\"lazy\" decoding=\"async\" width=\"580\" height=\"1024\" data-id=\"598\" src=\"https:\/\/www.holz-stein-manufaktur.de\/wordpress\/wp-content\/uploads\/2023\/07\/ordnung_Chaos_03-580x1024.jpg\" alt=\"\" class=\"wp-image-598\" srcset=\"https:\/\/www.holz-stein-manufaktur.de\/wordpress\/wp-content\/uploads\/2023\/07\/ordnung_Chaos_03-580x1024.jpg 580w, https:\/\/www.holz-stein-manufaktur.de\/wordpress\/wp-content\/uploads\/2023\/07\/ordnung_Chaos_03-170x300.jpg 170w, https:\/\/www.holz-stein-manufaktur.de\/wordpress\/wp-content\/uploads\/2023\/07\/ordnung_Chaos_03-768x1355.jpg 768w, https:\/\/www.holz-stein-manufaktur.de\/wordpress\/wp-content\/uploads\/2023\/07\/ordnung_Chaos_03-870x1536.jpg 870w, https:\/\/www.holz-stein-manufaktur.de\/wordpress\/wp-content\/uploads\/2023\/07\/ordnung_Chaos_03.jpg 1088w\" sizes=\"(max-width: 580px) 100vw, 580px\" \/><\/a><figcaption class=\"wp-element-caption\">Ordnung und Chaos<\/figcaption><\/figure>\n\n\n\n<figure class=\"wp-block-image size-large\"><a href=\"https:\/\/www.holz-stein-manufaktur.de\/wordpress\/wp-content\/uploads\/2023\/07\/ordnung_chaos_02.jpg\"><img loading=\"lazy\" decoding=\"async\" width=\"818\" height=\"1024\" data-id=\"597\" src=\"https:\/\/www.holz-stein-manufaktur.de\/wordpress\/wp-content\/uploads\/2023\/07\/ordnung_chaos_02-818x1024.jpg\" alt=\"\" class=\"wp-image-597\" srcset=\"https:\/\/www.holz-stein-manufaktur.de\/wordpress\/wp-content\/uploads\/2023\/07\/ordnung_chaos_02-818x1024.jpg 818w, https:\/\/www.holz-stein-manufaktur.de\/wordpress\/wp-content\/uploads\/2023\/07\/ordnung_chaos_02-240x300.jpg 240w, https:\/\/www.holz-stein-manufaktur.de\/wordpress\/wp-content\/uploads\/2023\/07\/ordnung_chaos_02-768x962.jpg 768w, https:\/\/www.holz-stein-manufaktur.de\/wordpress\/wp-content\/uploads\/2023\/07\/ordnung_chaos_02.jpg 1030w\" sizes=\"(max-width: 818px) 100vw, 818px\" \/><\/a><figcaption class=\"wp-element-caption\">Erste Skizzen<\/figcaption><\/figure>\n<\/figure>\n\n\n\n<h3 class=\"wp-block-heading\">Flow<\/h3>\n\n\n\n<p>Diese Welle entstand f\u00fcr einen Wohnraum. Hier sollen Ideen, Gespr\u00e4che oder Gedanken &#8222;flie\u00dfen&#8220;.<\/p>\n\n\n\n<figure class=\"wp-block-gallery has-nested-images columns-default is-cropped wp-block-gallery-6 is-layout-flex wp-block-gallery-is-layout-flex\">\n<figure class=\"wp-block-image size-large\"><a href=\"https:\/\/www.holz-stein-manufaktur.de\/wordpress\/wp-content\/uploads\/2021\/04\/21_03_welle_02-1.jpg\"><img loading=\"lazy\" decoding=\"async\" width=\"1024\" height=\"1024\" data-id=\"531\" src=\"https:\/\/www.holz-stein-manufaktur.de\/wordpress\/wp-content\/uploads\/2021\/04\/21_03_welle_02-1-1024x1024.jpg\" alt=\"\" class=\"wp-image-531\" srcset=\"https:\/\/www.holz-stein-manufaktur.de\/wordpress\/wp-content\/uploads\/2021\/04\/21_03_welle_02-1-1024x1024.jpg 1024w, https:\/\/www.holz-stein-manufaktur.de\/wordpress\/wp-content\/uploads\/2021\/04\/21_03_welle_02-1-300x300.jpg 300w, https:\/\/www.holz-stein-manufaktur.de\/wordpress\/wp-content\/uploads\/2021\/04\/21_03_welle_02-1-150x150.jpg 150w, https:\/\/www.holz-stein-manufaktur.de\/wordpress\/wp-content\/uploads\/2021\/04\/21_03_welle_02-1-768x768.jpg 768w, https:\/\/www.holz-stein-manufaktur.de\/wordpress\/wp-content\/uploads\/2021\/04\/21_03_welle_02-1.jpg 1053w\" sizes=\"(max-width: 1024px) 100vw, 1024px\" \/><\/a><\/figure>\n\n\n\n<figure class=\"wp-block-image size-large\"><a href=\"https:\/\/www.holz-stein-manufaktur.de\/wordpress\/wp-content\/uploads\/2021\/04\/21_03_welle_04-1.jpg\"><img loading=\"lazy\" decoding=\"async\" width=\"1024\" height=\"721\" data-id=\"532\" src=\"https:\/\/www.holz-stein-manufaktur.de\/wordpress\/wp-content\/uploads\/2021\/04\/21_03_welle_04-1-1024x721.jpg\" alt=\"\" class=\"wp-image-532\" srcset=\"https:\/\/www.holz-stein-manufaktur.de\/wordpress\/wp-content\/uploads\/2021\/04\/21_03_welle_04-1-1024x721.jpg 1024w, https:\/\/www.holz-stein-manufaktur.de\/wordpress\/wp-content\/uploads\/2021\/04\/21_03_welle_04-1-300x211.jpg 300w, https:\/\/www.holz-stein-manufaktur.de\/wordpress\/wp-content\/uploads\/2021\/04\/21_03_welle_04-1-768x540.jpg 768w, https:\/\/www.holz-stein-manufaktur.de\/wordpress\/wp-content\/uploads\/2021\/04\/21_03_welle_04-1-1536x1081.jpg 1536w, https:\/\/www.holz-stein-manufaktur.de\/wordpress\/wp-content\/uploads\/2021\/04\/21_03_welle_04-1.jpg 1546w\" sizes=\"(max-width: 1024px) 100vw, 1024px\" \/><\/a><figcaption class=\"wp-element-caption\">Wohnraum<\/figcaption><\/figure>\n\n\n\n<figure class=\"wp-block-image size-large\"><a href=\"https:\/\/www.holz-stein-manufaktur.de\/wordpress\/wp-content\/uploads\/2021\/04\/21_03_welle_00t-1.jpg\"><img loading=\"lazy\" decoding=\"async\" width=\"1024\" height=\"533\" data-id=\"530\" src=\"https:\/\/www.holz-stein-manufaktur.de\/wordpress\/wp-content\/uploads\/2021\/04\/21_03_welle_00t-1-1024x533.jpg\" alt=\"\" class=\"wp-image-530\" srcset=\"https:\/\/www.holz-stein-manufaktur.de\/wordpress\/wp-content\/uploads\/2021\/04\/21_03_welle_00t-1-1024x533.jpg 1024w, https:\/\/www.holz-stein-manufaktur.de\/wordpress\/wp-content\/uploads\/2021\/04\/21_03_welle_00t-1-300x156.jpg 300w, https:\/\/www.holz-stein-manufaktur.de\/wordpress\/wp-content\/uploads\/2021\/04\/21_03_welle_00t-1-768x400.jpg 768w, https:\/\/www.holz-stein-manufaktur.de\/wordpress\/wp-content\/uploads\/2021\/04\/21_03_welle_00t-1-1536x799.jpg 1536w, https:\/\/www.holz-stein-manufaktur.de\/wordpress\/wp-content\/uploads\/2021\/04\/21_03_welle_00t-1.jpg 1803w\" sizes=\"(max-width: 1024px) 100vw, 1024px\" \/><\/a><\/figure>\n<\/figure>\n\n\n\n<h3 class=\"wp-block-heading\">Feuer<\/h3>\n\n\n\n<p>Als dekorative K\u00fcchen-Gestaltung ist dieses Feuer gleichsam eine Metapher&nbsp;f\u00fcr Begeisterung. <\/p>\n\n\n\n<figure class=\"wp-block-gallery has-nested-images columns-default is-cropped wp-block-gallery-7 is-layout-flex wp-block-gallery-is-layout-flex\">\n<figure class=\"wp-block-image size-large\"><a href=\"https:\/\/www.holz-stein-manufaktur.de\/wordpress\/wp-content\/uploads\/2021\/01\/21_03_feuer_closeup.jpg\"><img loading=\"lazy\" decoding=\"async\" width=\"926\" height=\"925\" data-id=\"434\" src=\"https:\/\/www.holz-stein-manufaktur.de\/wordpress\/wp-content\/uploads\/2021\/01\/21_03_feuer_closeup.jpg\" alt=\"\" class=\"wp-image-434\" srcset=\"https:\/\/www.holz-stein-manufaktur.de\/wordpress\/wp-content\/uploads\/2021\/01\/21_03_feuer_closeup.jpg 926w, https:\/\/www.holz-stein-manufaktur.de\/wordpress\/wp-content\/uploads\/2021\/01\/21_03_feuer_closeup-300x300.jpg 300w, https:\/\/www.holz-stein-manufaktur.de\/wordpress\/wp-content\/uploads\/2021\/01\/21_03_feuer_closeup-150x150.jpg 150w, https:\/\/www.holz-stein-manufaktur.de\/wordpress\/wp-content\/uploads\/2021\/01\/21_03_feuer_closeup-768x767.jpg 768w\" sizes=\"(max-width: 926px) 100vw, 926px\" \/><\/a><figcaption class=\"wp-element-caption\">Feuer&#8230;<\/figcaption><\/figure>\n\n\n\n<figure class=\"wp-block-image size-large\"><a href=\"https:\/\/www.holz-stein-manufaktur.de\/wordpress\/wp-content\/uploads\/2021\/01\/21_03_feuer.jpg\"><img loading=\"lazy\" decoding=\"async\" width=\"800\" height=\"800\" data-id=\"435\" src=\"https:\/\/www.holz-stein-manufaktur.de\/wordpress\/wp-content\/uploads\/2021\/01\/21_03_feuer.jpg\" alt=\"\" class=\"wp-image-435\" srcset=\"https:\/\/www.holz-stein-manufaktur.de\/wordpress\/wp-content\/uploads\/2021\/01\/21_03_feuer.jpg 800w, https:\/\/www.holz-stein-manufaktur.de\/wordpress\/wp-content\/uploads\/2021\/01\/21_03_feuer-300x300.jpg 300w, https:\/\/www.holz-stein-manufaktur.de\/wordpress\/wp-content\/uploads\/2021\/01\/21_03_feuer-150x150.jpg 150w, https:\/\/www.holz-stein-manufaktur.de\/wordpress\/wp-content\/uploads\/2021\/01\/21_03_feuer-768x768.jpg 768w\" sizes=\"(max-width: 800px) 100vw, 800px\" \/><\/a><figcaption class=\"wp-element-caption\">&#8230;f\u00fcr Koch-Begeisterte<\/figcaption><\/figure>\n\n\n\n<figure class=\"wp-block-image size-large\"><a href=\"https:\/\/www.holz-stein-manufaktur.de\/wordpress\/wp-content\/uploads\/2021\/04\/2103_ph_square-2.png\"><img loading=\"lazy\" decoding=\"async\" width=\"742\" height=\"703\" data-id=\"538\" src=\"https:\/\/www.holz-stein-manufaktur.de\/wordpress\/wp-content\/uploads\/2021\/04\/2103_ph_square-2.png\" alt=\"\" class=\"wp-image-538\" srcset=\"https:\/\/www.holz-stein-manufaktur.de\/wordpress\/wp-content\/uploads\/2021\/04\/2103_ph_square-2.png 742w, https:\/\/www.holz-stein-manufaktur.de\/wordpress\/wp-content\/uploads\/2021\/04\/2103_ph_square-2-300x284.png 300w\" sizes=\"(max-width: 742px) 100vw, 742px\" \/><\/a><\/figure>\n<\/figure>\n\n\n\n<h3 class=\"wp-block-heading\">Wohnraum<\/h3>\n\n\n\n<p>Dekorative Objekte und ein Mosaik-Wandbild, das Chakren symbolisiert, sorgen nicht nur optisch f\u00fcr ein Gleichgewicht aus Spannung und Harmonie.<\/p>\n\n\n\n<figure class=\"wp-block-gallery has-nested-images columns-default is-cropped wp-block-gallery-8 is-layout-flex wp-block-gallery-is-layout-flex\">\n<figure class=\"wp-block-image size-large\"><a href=\"https:\/\/www.holz-stein-manufaktur.de\/wordpress\/wp-content\/uploads\/2021\/01\/21_03_raumtrenner.jpg\"><img loading=\"lazy\" decoding=\"async\" width=\"791\" height=\"1024\" data-id=\"444\" src=\"https:\/\/www.holz-stein-manufaktur.de\/wordpress\/wp-content\/uploads\/2021\/01\/21_03_raumtrenner-791x1024.jpg\" alt=\"\" class=\"wp-image-444\" srcset=\"https:\/\/www.holz-stein-manufaktur.de\/wordpress\/wp-content\/uploads\/2021\/01\/21_03_raumtrenner-791x1024.jpg 791w, https:\/\/www.holz-stein-manufaktur.de\/wordpress\/wp-content\/uploads\/2021\/01\/21_03_raumtrenner-232x300.jpg 232w, https:\/\/www.holz-stein-manufaktur.de\/wordpress\/wp-content\/uploads\/2021\/01\/21_03_raumtrenner-768x994.jpg 768w, https:\/\/www.holz-stein-manufaktur.de\/wordpress\/wp-content\/uploads\/2021\/01\/21_03_raumtrenner.jpg 800w\" sizes=\"(max-width: 791px) 100vw, 791px\" \/><\/a><\/figure>\n\n\n\n<figure class=\"wp-block-image size-large\"><a href=\"https:\/\/www.holz-stein-manufaktur.de\/wordpress\/wp-content\/uploads\/2021\/01\/21_03_colonne.jpg\"><img loading=\"lazy\" decoding=\"async\" width=\"638\" height=\"1024\" data-id=\"433\" src=\"https:\/\/www.holz-stein-manufaktur.de\/wordpress\/wp-content\/uploads\/2021\/01\/21_03_colonne-638x1024.jpg\" alt=\"\" class=\"wp-image-433\" srcset=\"https:\/\/www.holz-stein-manufaktur.de\/wordpress\/wp-content\/uploads\/2021\/01\/21_03_colonne-638x1024.jpg 638w, https:\/\/www.holz-stein-manufaktur.de\/wordpress\/wp-content\/uploads\/2021\/01\/21_03_colonne-187x300.jpg 187w, https:\/\/www.holz-stein-manufaktur.de\/wordpress\/wp-content\/uploads\/2021\/01\/21_03_colonne-768x1233.jpg 768w, https:\/\/www.holz-stein-manufaktur.de\/wordpress\/wp-content\/uploads\/2021\/01\/21_03_colonne.jpg 800w\" sizes=\"(max-width: 638px) 100vw, 638px\" \/><\/a><figcaption class=\"wp-element-caption\">Mosaik-S\u00e4ule und -Kugel<\/figcaption><\/figure>\n\n\n\n<figure class=\"wp-block-image size-large\"><a href=\"https:\/\/www.holz-stein-manufaktur.de\/wordpress\/wp-content\/uploads\/2015\/10\/03.jpg\"><img loading=\"lazy\" decoding=\"async\" width=\"457\" height=\"728\" data-id=\"31\" src=\"https:\/\/www.holz-stein-manufaktur.de\/wordpress\/wp-content\/uploads\/2015\/10\/03.jpg\" alt=\"\" class=\"wp-image-31\" srcset=\"https:\/\/www.holz-stein-manufaktur.de\/wordpress\/wp-content\/uploads\/2015\/10\/03.jpg 457w, https:\/\/www.holz-stein-manufaktur.de\/wordpress\/wp-content\/uploads\/2015\/10\/03-188x300.jpg 188w, https:\/\/www.holz-stein-manufaktur.de\/wordpress\/wp-content\/uploads\/2015\/10\/03-239x380.jpg 239w\" sizes=\"(max-width: 457px) 100vw, 457px\" \/><\/a><figcaption class=\"wp-element-caption\">Chakren<\/figcaption><\/figure>\n<\/figure>\n\n\n\n<h3 class=\"wp-block-heading\">Eyecatcher f\u00fcr den Garten<\/h3>\n\n\n\n<p>Fr\u00f6hliche Kugeln, Stelen, ein Brunnen- und ein Tischmosaik setzen das ganze Jahr \u00fcber fr\u00f6hliche Akzente im Garten \u2013 im Winter sind sie willkommene farbenfrohe Hingucker.<\/p>\n\n\n\n<figure class=\"wp-block-gallery has-nested-images columns-default is-cropped wp-block-gallery-9 is-layout-flex wp-block-gallery-is-layout-flex\">\n<figure class=\"wp-block-image size-large\"><a href=\"https:\/\/www.holz-stein-manufaktur.de\/wordpress\/wp-content\/uploads\/2021\/01\/21_03_kugel.jpg\"><img loading=\"lazy\" decoding=\"async\" width=\"800\" height=\"800\" data-id=\"439\" src=\"https:\/\/www.holz-stein-manufaktur.de\/wordpress\/wp-content\/uploads\/2021\/01\/21_03_kugel.jpg\" alt=\"\" class=\"wp-image-439\" srcset=\"https:\/\/www.holz-stein-manufaktur.de\/wordpress\/wp-content\/uploads\/2021\/01\/21_03_kugel.jpg 800w, https:\/\/www.holz-stein-manufaktur.de\/wordpress\/wp-content\/uploads\/2021\/01\/21_03_kugel-300x300.jpg 300w, https:\/\/www.holz-stein-manufaktur.de\/wordpress\/wp-content\/uploads\/2021\/01\/21_03_kugel-150x150.jpg 150w, https:\/\/www.holz-stein-manufaktur.de\/wordpress\/wp-content\/uploads\/2021\/01\/21_03_kugel-768x768.jpg 768w\" sizes=\"(max-width: 800px) 100vw, 800px\" \/><\/a><figcaption class=\"wp-element-caption\">Mosaik-Kugeln<\/figcaption><\/figure>\n\n\n\n<figure class=\"wp-block-image size-large\"><a href=\"https:\/\/www.holz-stein-manufaktur.de\/wordpress\/wp-content\/uploads\/2023\/07\/kugel_01.png\"><img loading=\"lazy\" decoding=\"async\" width=\"793\" height=\"1000\" data-id=\"603\" src=\"https:\/\/www.holz-stein-manufaktur.de\/wordpress\/wp-content\/uploads\/2023\/07\/kugel_01.png\" alt=\"\" class=\"wp-image-603\" srcset=\"https:\/\/www.holz-stein-manufaktur.de\/wordpress\/wp-content\/uploads\/2023\/07\/kugel_01.png 793w, https:\/\/www.holz-stein-manufaktur.de\/wordpress\/wp-content\/uploads\/2023\/07\/kugel_01-238x300.png 238w, https:\/\/www.holz-stein-manufaktur.de\/wordpress\/wp-content\/uploads\/2023\/07\/kugel_01-768x968.png 768w\" sizes=\"(max-width: 793px) 100vw, 793px\" \/><\/a><\/figure>\n\n\n\n<figure class=\"wp-block-image size-large\"><a href=\"https:\/\/www.holz-stein-manufaktur.de\/wordpress\/wp-content\/uploads\/2023\/07\/kugel_02-rotated.jpg\"><img loading=\"lazy\" decoding=\"async\" width=\"580\" height=\"1024\" data-id=\"604\" src=\"https:\/\/www.holz-stein-manufaktur.de\/wordpress\/wp-content\/uploads\/2023\/07\/kugel_02-580x1024.jpg\" alt=\"\" class=\"wp-image-604\" srcset=\"https:\/\/www.holz-stein-manufaktur.de\/wordpress\/wp-content\/uploads\/2023\/07\/kugel_02-580x1024.jpg 580w, https:\/\/www.holz-stein-manufaktur.de\/wordpress\/wp-content\/uploads\/2023\/07\/kugel_02-170x300.jpg 170w, https:\/\/www.holz-stein-manufaktur.de\/wordpress\/wp-content\/uploads\/2023\/07\/kugel_02-768x1355.jpg 768w, https:\/\/www.holz-stein-manufaktur.de\/wordpress\/wp-content\/uploads\/2023\/07\/kugel_02-870x1536.jpg 870w, https:\/\/www.holz-stein-manufaktur.de\/wordpress\/wp-content\/uploads\/2023\/07\/kugel_02-rotated.jpg 1088w\" sizes=\"(max-width: 580px) 100vw, 580px\" \/><\/a><\/figure>\n\n\n\n<figure class=\"wp-block-image size-large\"><a href=\"https:\/\/www.holz-stein-manufaktur.de\/wordpress\/wp-content\/uploads\/2021\/01\/21_03_tisch01b-scaled.jpg\"><img loading=\"lazy\" decoding=\"async\" width=\"1024\" height=\"768\" data-id=\"449\" src=\"https:\/\/www.holz-stein-manufaktur.de\/wordpress\/wp-content\/uploads\/2021\/01\/21_03_tisch01b-1024x768.jpg\" alt=\"\" class=\"wp-image-449\" srcset=\"https:\/\/www.holz-stein-manufaktur.de\/wordpress\/wp-content\/uploads\/2021\/01\/21_03_tisch01b-1024x768.jpg 1024w, https:\/\/www.holz-stein-manufaktur.de\/wordpress\/wp-content\/uploads\/2021\/01\/21_03_tisch01b-300x225.jpg 300w, https:\/\/www.holz-stein-manufaktur.de\/wordpress\/wp-content\/uploads\/2021\/01\/21_03_tisch01b-768x576.jpg 768w, https:\/\/www.holz-stein-manufaktur.de\/wordpress\/wp-content\/uploads\/2021\/01\/21_03_tisch01b-1536x1152.jpg 1536w, https:\/\/www.holz-stein-manufaktur.de\/wordpress\/wp-content\/uploads\/2021\/01\/21_03_tisch01b-2048x1536.jpg 2048w\" sizes=\"(max-width: 1024px) 100vw, 1024px\" \/><\/a><figcaption class=\"wp-element-caption\">Tischmosaik<\/figcaption><\/figure>\n\n\n\n<figure class=\"wp-block-image size-large\"><a href=\"https:\/\/www.holz-stein-manufaktur.de\/wordpress\/wp-content\/uploads\/2021\/01\/21_03_tisch01a.jpg\"><img loading=\"lazy\" decoding=\"async\" width=\"862\" height=\"1024\" data-id=\"448\" src=\"https:\/\/www.holz-stein-manufaktur.de\/wordpress\/wp-content\/uploads\/2021\/01\/21_03_tisch01a-862x1024.jpg\" alt=\"\" class=\"wp-image-448\" srcset=\"https:\/\/www.holz-stein-manufaktur.de\/wordpress\/wp-content\/uploads\/2021\/01\/21_03_tisch01a-862x1024.jpg 862w, https:\/\/www.holz-stein-manufaktur.de\/wordpress\/wp-content\/uploads\/2021\/01\/21_03_tisch01a-253x300.jpg 253w, https:\/\/www.holz-stein-manufaktur.de\/wordpress\/wp-content\/uploads\/2021\/01\/21_03_tisch01a-768x912.jpg 768w, https:\/\/www.holz-stein-manufaktur.de\/wordpress\/wp-content\/uploads\/2021\/01\/21_03_tisch01a.jpg 1075w\" sizes=\"(max-width: 862px) 100vw, 862px\" \/><\/a><\/figure>\n\n\n\n<figure class=\"wp-block-image size-full\"><a href=\"https:\/\/www.holz-stein-manufaktur.de\/wordpress\/wp-content\/uploads\/2021\/04\/2103_ph_square.png\"><img loading=\"lazy\" decoding=\"async\" width=\"742\" height=\"703\" data-id=\"527\" src=\"https:\/\/www.holz-stein-manufaktur.de\/wordpress\/wp-content\/uploads\/2021\/04\/2103_ph_square.png\" alt=\"\" class=\"wp-image-527\" srcset=\"https:\/\/www.holz-stein-manufaktur.de\/wordpress\/wp-content\/uploads\/2021\/04\/2103_ph_square.png 742w, https:\/\/www.holz-stein-manufaktur.de\/wordpress\/wp-content\/uploads\/2021\/04\/2103_ph_square-300x284.png 300w\" sizes=\"(max-width: 742px) 100vw, 742px\" \/><\/a><\/figure>\n\n\n\n<figure class=\"wp-block-image size-large\"><a href=\"https:\/\/www.holz-stein-manufaktur.de\/wordpress\/wp-content\/uploads\/2021\/01\/21_03_stele03.jpg\"><img loading=\"lazy\" decoding=\"async\" width=\"686\" height=\"1024\" data-id=\"447\" src=\"https:\/\/www.holz-stein-manufaktur.de\/wordpress\/wp-content\/uploads\/2021\/01\/21_03_stele03-686x1024.jpg\" alt=\"\" class=\"wp-image-447\" srcset=\"https:\/\/www.holz-stein-manufaktur.de\/wordpress\/wp-content\/uploads\/2021\/01\/21_03_stele03-686x1024.jpg 686w, https:\/\/www.holz-stein-manufaktur.de\/wordpress\/wp-content\/uploads\/2021\/01\/21_03_stele03-201x300.jpg 201w, https:\/\/www.holz-stein-manufaktur.de\/wordpress\/wp-content\/uploads\/2021\/01\/21_03_stele03-768x1147.jpg 768w, https:\/\/www.holz-stein-manufaktur.de\/wordpress\/wp-content\/uploads\/2021\/01\/21_03_stele03.jpg 800w\" sizes=\"(max-width: 686px) 100vw, 686px\" \/><\/a><figcaption class=\"wp-element-caption\">Stelen<\/figcaption><\/figure>\n\n\n\n<figure class=\"wp-block-image size-large\"><a href=\"https:\/\/www.holz-stein-manufaktur.de\/wordpress\/wp-content\/uploads\/2021\/01\/21_03_stele02.jpg\"><img loading=\"lazy\" decoding=\"async\" width=\"370\" height=\"1024\" data-id=\"446\" src=\"https:\/\/www.holz-stein-manufaktur.de\/wordpress\/wp-content\/uploads\/2021\/01\/21_03_stele02-370x1024.jpg\" alt=\"\" class=\"wp-image-446\" srcset=\"https:\/\/www.holz-stein-manufaktur.de\/wordpress\/wp-content\/uploads\/2021\/01\/21_03_stele02-370x1024.jpg 370w, https:\/\/www.holz-stein-manufaktur.de\/wordpress\/wp-content\/uploads\/2021\/01\/21_03_stele02-108x300.jpg 108w, https:\/\/www.holz-stein-manufaktur.de\/wordpress\/wp-content\/uploads\/2021\/01\/21_03_stele02.jpg 457w\" sizes=\"(max-width: 370px) 100vw, 370px\" \/><\/a><\/figure>\n\n\n\n<figure class=\"wp-block-image size-large\"><a href=\"https:\/\/www.holz-stein-manufaktur.de\/wordpress\/wp-content\/uploads\/2021\/01\/21_03_stele01-scaled.jpg\"><img loading=\"lazy\" decoding=\"async\" width=\"598\" height=\"1024\" data-id=\"445\" src=\"https:\/\/www.holz-stein-manufaktur.de\/wordpress\/wp-content\/uploads\/2021\/01\/21_03_stele01-598x1024.jpg\" alt=\"\" class=\"wp-image-445\" srcset=\"https:\/\/www.holz-stein-manufaktur.de\/wordpress\/wp-content\/uploads\/2021\/01\/21_03_stele01-598x1024.jpg 598w, https:\/\/www.holz-stein-manufaktur.de\/wordpress\/wp-content\/uploads\/2021\/01\/21_03_stele01-175x300.jpg 175w, https:\/\/www.holz-stein-manufaktur.de\/wordpress\/wp-content\/uploads\/2021\/01\/21_03_stele01-768x1315.jpg 768w, https:\/\/www.holz-stein-manufaktur.de\/wordpress\/wp-content\/uploads\/2021\/01\/21_03_stele01-897x1536.jpg 897w, https:\/\/www.holz-stein-manufaktur.de\/wordpress\/wp-content\/uploads\/2021\/01\/21_03_stele01-1197x2048.jpg 1197w, https:\/\/www.holz-stein-manufaktur.de\/wordpress\/wp-content\/uploads\/2021\/01\/21_03_stele01-scaled.jpg 1496w\" sizes=\"(max-width: 598px) 100vw, 598px\" \/><\/a><\/figure>\n\n\n\n<figure class=\"wp-block-image size-large\"><a href=\"https:\/\/www.holz-stein-manufaktur.de\/wordpress\/wp-content\/uploads\/2015\/11\/04b.jpg\"><img loading=\"lazy\" decoding=\"async\" width=\"451\" height=\"451\" data-id=\"38\" src=\"https:\/\/www.holz-stein-manufaktur.de\/wordpress\/wp-content\/uploads\/2015\/11\/04b.jpg\" alt=\"\" class=\"wp-image-38\" srcset=\"https:\/\/www.holz-stein-manufaktur.de\/wordpress\/wp-content\/uploads\/2015\/11\/04b.jpg 451w, https:\/\/www.holz-stein-manufaktur.de\/wordpress\/wp-content\/uploads\/2015\/11\/04b-150x150.jpg 150w, https:\/\/www.holz-stein-manufaktur.de\/wordpress\/wp-content\/uploads\/2015\/11\/04b-300x300.jpg 300w, https:\/\/www.holz-stein-manufaktur.de\/wordpress\/wp-content\/uploads\/2015\/11\/04b-90x90.jpg 90w, https:\/\/www.holz-stein-manufaktur.de\/wordpress\/wp-content\/uploads\/2015\/11\/04b-380x380.jpg 380w\" sizes=\"(max-width: 451px) 100vw, 451px\" \/><\/a><figcaption class=\"wp-element-caption\">Wandbrunnen<\/figcaption><\/figure>\n\n\n\n<figure class=\"wp-block-image size-large\"><a href=\"https:\/\/www.holz-stein-manufaktur.de\/wordpress\/wp-content\/uploads\/2021\/01\/21_02_stele01.jpg\"><img loading=\"lazy\" decoding=\"async\" width=\"463\" height=\"1024\" data-id=\"489\" src=\"https:\/\/www.holz-stein-manufaktur.de\/wordpress\/wp-content\/uploads\/2021\/01\/21_02_stele01-463x1024.jpg\" alt=\"\" class=\"wp-image-489\" srcset=\"https:\/\/www.holz-stein-manufaktur.de\/wordpress\/wp-content\/uploads\/2021\/01\/21_02_stele01-463x1024.jpg 463w, https:\/\/www.holz-stein-manufaktur.de\/wordpress\/wp-content\/uploads\/2021\/01\/21_02_stele01-136x300.jpg 136w, https:\/\/www.holz-stein-manufaktur.de\/wordpress\/wp-content\/uploads\/2021\/01\/21_02_stele01-768x1699.jpg 768w, https:\/\/www.holz-stein-manufaktur.de\/wordpress\/wp-content\/uploads\/2021\/01\/21_02_stele01-694x1536.jpg 694w, https:\/\/www.holz-stein-manufaktur.de\/wordpress\/wp-content\/uploads\/2021\/01\/21_02_stele01-926x2048.jpg 926w, https:\/\/www.holz-stein-manufaktur.de\/wordpress\/wp-content\/uploads\/2021\/01\/21_02_stele01.jpg 1000w\" sizes=\"(max-width: 463px) 100vw, 463px\" \/><\/a><\/figure>\n\n\n\n<figure class=\"wp-block-image size-large\"><a href=\"https:\/\/www.holz-stein-manufaktur.de\/wordpress\/wp-content\/uploads\/2021\/01\/21_03_brunnen.jpg\"><img loading=\"lazy\" decoding=\"async\" width=\"546\" height=\"1024\" data-id=\"432\" src=\"https:\/\/www.holz-stein-manufaktur.de\/wordpress\/wp-content\/uploads\/2021\/01\/21_03_brunnen-546x1024.jpg\" alt=\"\" class=\"wp-image-432\" srcset=\"https:\/\/www.holz-stein-manufaktur.de\/wordpress\/wp-content\/uploads\/2021\/01\/21_03_brunnen-546x1024.jpg 546w, https:\/\/www.holz-stein-manufaktur.de\/wordpress\/wp-content\/uploads\/2021\/01\/21_03_brunnen-160x300.jpg 160w, https:\/\/www.holz-stein-manufaktur.de\/wordpress\/wp-content\/uploads\/2021\/01\/21_03_brunnen-768x1440.jpg 768w, https:\/\/www.holz-stein-manufaktur.de\/wordpress\/wp-content\/uploads\/2021\/01\/21_03_brunnen.jpg 793w\" sizes=\"(max-width: 546px) 100vw, 546px\" \/><\/a><\/figure>\n<\/figure>\n\n\n\n<p><\/p>\n","protected":false},"excerpt":{"rendered":"<p>Wohn- und Gartenr\u00e4ume gestalten Jeder Vogel baut ein kunstvolles Nest, da muss alles stimmen! Dieser Trieb&nbsp;steckt auch im Menschen. Wir versp\u00fcren einen Drang, unser Umfeld individuell zu gestalten. Mosaikkunst bietet dazu viele M\u00f6glichkeiten. Ich suche stets nach neuen M\u00f6glichkeiten, die Welt in der wir leben, in Mosaikgestaltung zu projizieren \u2013 und ich erstelle Auftragsarbeiten, die &hellip;<\/p>\n","protected":false},"author":1,"featured_media":60,"parent":0,"menu_order":2,"comment_status":"closed","ping_status":"closed","template":"","meta":{"footnotes":""},"_links":{"self":[{"href":"https:\/\/www.holz-stein-manufaktur.de\/index.php\/wp-json\/wp\/v2\/pages\/46"}],"collection":[{"href":"https:\/\/www.holz-stein-manufaktur.de\/index.php\/wp-json\/wp\/v2\/pages"}],"about":[{"href":"https:\/\/www.holz-stein-manufaktur.de\/index.php\/wp-json\/wp\/v2\/types\/page"}],"author":[{"embeddable":true,"href":"https:\/\/www.holz-stein-manufaktur.de\/index.php\/wp-json\/wp\/v2\/users\/1"}],"replies":[{"embeddable":true,"href":"https:\/\/www.holz-stein-manufaktur.de\/index.php\/wp-json\/wp\/v2\/comments?post=46"}],"version-history":[{"count":48,"href":"https:\/\/www.holz-stein-manufaktur.de\/index.php\/wp-json\/wp\/v2\/pages\/46\/revisions"}],"predecessor-version":[{"id":674,"href":"https:\/\/www.holz-stein-manufaktur.de\/index.php\/wp-json\/wp\/v2\/pages\/46\/revisions\/674"}],"wp:featuredmedia":[{"embeddable":true,"href":"https:\/\/www.holz-stein-manufaktur.de\/index.php\/wp-json\/wp\/v2\/media\/60"}],"wp:attachment":[{"href":"https:\/\/www.holz-stein-manufaktur.de\/index.php\/wp-json\/wp\/v2\/media?parent=46"}],"curies":[{"name":"wp","href":"https:\/\/api.w.org\/{rel}","templated":true}]}}